{"id":8699,"date":"2025-11-28T01:00:32","date_gmt":"2025-11-27T23:00:32","guid":{"rendered":"https:\/\/www.gimnasticna-zveza.si\/?page_id=8699"},"modified":"2025-12-12T13:18:31","modified_gmt":"2025-12-12T11:18:31","slug":"5-volilna-skupscina-gimnasticne-zveze-slovenije-2025","status":"publish","type":"page","link":"https:\/\/www.gimnasticna-zveza.si\/index.php\/5-volilna-skupscina-gimnasticne-zveze-slovenije-2025\/","title":{"rendered":"5. volilna Skup\u0161\u010dina Gimnasti\u010dne zveze Slovenije"},"content":{"rendered":"\t\t<div data-elementor-type=\"wp-page\" data-elementor-id=\"8699\" class=\"elementor elementor-8699\" data-elementor-post-type=\"page\">\n\t\t\t\t\t\t<section class=\"elementor-section elementor-top-section elementor-element elementor-element-d294df4 elementor-section-boxed elementor-section-height-default elementor-section-height-default\" data-id=\"d294df4\" data-element_type=\"section\" data-e-type=\"section\">\n\t\t\t\t\t\t<div class=\"elementor-container elementor-column-gap-default\">\n\t\t\t\t\t<div class=\"elementor-column elementor-col-100 elementor-top-column elementor-element elementor-element-5dcc49e\" data-id=\"5dcc49e\" data-element_type=\"column\" data-e-type=\"column\">\n\t\t\t<div class=\"elementor-widget-wrap elementor-element-populated\">\n\t\t\t\t\t\t<div class=\"elementor-element elementor-element-861795f elementor-widget elementor-widget-spacer\" data-id=\"861795f\" data-element_type=\"widget\" data-e-type=\"widget\" data-widget_type=\"spacer.default\">\n\t\t\t\t<div class=\"elementor-widget-container\">\n\t\t\t\t\t\t\t<div class=\"elementor-spacer\">\n\t\t\t<div class=\"elementor-spacer-inner\"><\/div>\n\t\t<\/div>\n\t\t\t\t\t\t<\/div>\n\t\t\t\t<\/div>\n\t\t\t\t<div class=\"elementor-element elementor-element-2aa65f4 elementor-widget elementor-widget-text-editor\" data-id=\"2aa65f4\" data-element_type=\"widget\" data-e-type=\"widget\" data-widget_type=\"text-editor.default\">\n\t\t\t\t<div class=\"elementor-widget-container\">\n\t\t\t\t\t\t\t\t\t<p style=\"text-align: left;\">Predsednik GZS po sklepu IO GZS, sprejetim na 36. redni seji organa, sklicuje<\/p><h5 style=\"text-align: center;\"><strong>5. volilno Skup\u0161\u010dino Gimnasti\u010dne zveze Slovenije,<\/strong><br \/><strong>ki bo v \u010detrtek, 11. decembra 2025, ob 17. uri,<\/strong><br \/><strong>v Kristalni pala\u010di (II. nadstropje), Ameri\u0161ka ulica 8, v Ljubljani<\/strong>.<\/h5><p>Izvr\u0161ni odbor Gimnasti\u010dne zveze Slovenije je skladno s pooblastili, ki izhajajo iz veljavnega Statuta Gimnasti\u010dne zveze Slovenije, na svoji 36. redni seji sprejel slede\u010di predlog dnevnega reda:<\/p><ol><li>otvoritev skup\u0161\u010dine,<\/li><li>izvolitev organov skup\u0161\u010dine:<ul><li>delovno predsedstvo,<\/li><li>verifikacijsko komisijo,<\/li><li>volilna komisija,<\/li><li>imenovanje:<ul><li>enega zapisnikarja,<\/li><li>dva overovatelja zapisnika,<\/li><\/ul><\/li><\/ul><\/li><\/ol><ol start=\"3\"><li>potrditev predlaganega dnevnega reda 5. volilne seje Skup\u0161\u010dine,<\/li><li>pregled in potrditev zapisnika 4. redne Skup\u0161\u010dine GZS z dne 23. 6. 2025,<\/li><li>poro\u010dilo predsednika Gimnasti\u010dne zveze Slovenije,<\/li><li>predstavitev kandidatov za predsednika Gimnasti\u010dne zveze Slovenije in njihovih programov,<\/li><li>volitve:<ul><li>predstavitev kandidatov,<\/li><li>volitve,<\/li><li>poro\u010dilo Volilne komisije.<\/li><\/ul><\/li><li>razno.<\/li><\/ol>\t\t\t\t\t\t\t\t<\/div>\n\t\t\t\t<\/div>\n\t\t\t\t<div class=\"elementor-element elementor-element-f4a2820 elementor-widget elementor-widget-spacer\" data-id=\"f4a2820\" data-element_type=\"widget\" data-e-type=\"widget\" data-widget_type=\"spacer.default\">\n\t\t\t\t<div class=\"elementor-widget-container\">\n\t\t\t\t\t\t\t<div class=\"elementor-spacer\">\n\t\t\t<div class=\"elementor-spacer-inner\"><\/div>\n\t\t<\/div>\n\t\t\t\t\t\t<\/div>\n\t\t\t\t<\/div>\n\t\t\t\t\t<\/div>\n\t\t<\/div>\n\t\t\t\t\t<\/div>\n\t\t<\/section>\n\t\t\t\t<section class=\"elementor-section elementor-top-section elementor-element elementor-element-c1be5fe elementor-section-boxed elementor-section-height-default elementor-section-height-default\" data-id=\"c1be5fe\" data-element_type=\"section\" data-e-type=\"section\">\n\t\t\t\t\t\t<div class=\"elementor-container elementor-column-gap-default\">\n\t\t\t\t\t<div class=\"elementor-column elementor-col-100 elementor-top-column elementor-element elementor-element-01d9db4\" data-id=\"01d9db4\" data-element_type=\"column\" data-e-type=\"column\">\n\t\t\t<div class=\"elementor-widget-wrap elementor-element-populated\">\n\t\t\t\t\t\t<div class=\"elementor-element elementor-element-637cf14 elementor-widget elementor-widget-heading\" data-id=\"637cf14\" data-element_type=\"widget\" data-e-type=\"widget\" data-widget_type=\"heading.default\">\n\t\t\t\t<div class=\"elementor-widget-container\">\n\t\t\t\t\t<h4 class=\"elementor-heading-title elementor-size-default\">Kandidatna lista za volitve v organe Gimnasti\u010dne zveze Slovenije<\/h4>\t\t\t\t<\/div>\n\t\t\t\t<\/div>\n\t\t\t\t\t<\/div>\n\t\t<\/div>\n\t\t\t\t\t<\/div>\n\t\t<\/section>\n\t\t\t\t<section class=\"elementor-section elementor-top-section elementor-element elementor-element-0a1ac10 elementor-section-boxed elementor-section-height-default elementor-section-height-default\" data-id=\"0a1ac10\" data-element_type=\"section\" data-e-type=\"section\">\n\t\t\t\t\t\t<div class=\"elementor-container elementor-column-gap-default\">\n\t\t\t\t\t<div class=\"elementor-column elementor-col-100 elementor-top-column elementor-element elementor-element-fbf2fb8\" data-id=\"fbf2fb8\" data-element_type=\"column\" data-e-type=\"column\">\n\t\t\t<div class=\"elementor-widget-wrap elementor-element-populated\">\n\t\t\t\t\t\t<div class=\"elementor-element elementor-element-69a1dfb elementor-tabs-view-horizontal elementor-widget elementor-widget-tabs\" data-id=\"69a1dfb\" data-element_type=\"widget\" data-e-type=\"widget\" data-widget_type=\"tabs.default\">\n\t\t\t\t<div class=\"elementor-widget-container\">\n\t\t\t\t\t\t\t<div class=\"elementor-tabs\">\n\t\t\t<div class=\"elementor-tabs-wrapper\" role=\"tablist\" >\n\t\t\t\t\t\t\t\t\t<div id=\"elementor-tab-title-1101\" class=\"elementor-tab-title elementor-tab-desktop-title\" aria-selected=\"true\" data-tab=\"1\" role=\"tab\" tabindex=\"0\" aria-controls=\"elementor-tab-content-1101\" aria-expanded=\"false\">Predsednik GZS<\/div>\n\t\t\t\t\t\t\t\t\t<div id=\"elementor-tab-title-1102\" class=\"elementor-tab-title elementor-tab-desktop-title\" aria-selected=\"false\" data-tab=\"2\" role=\"tab\" tabindex=\"-1\" aria-controls=\"elementor-tab-content-1102\" aria-expanded=\"false\">Podpredsedniki GZS<\/div>\n\t\t\t\t\t\t\t\t\t<div id=\"elementor-tab-title-1103\" class=\"elementor-tab-title elementor-tab-desktop-title\" aria-selected=\"false\" data-tab=\"3\" role=\"tab\" tabindex=\"-1\" aria-controls=\"elementor-tab-content-1103\" aria-expanded=\"false\">\u010clani Izvr\u0161nega odbora GZS<\/div>\n\t\t\t\t\t\t\t\t\t<div id=\"elementor-tab-title-1104\" class=\"elementor-tab-title elementor-tab-desktop-title\" aria-selected=\"false\" data-tab=\"4\" role=\"tab\" tabindex=\"-1\" aria-controls=\"elementor-tab-content-1104\" aria-expanded=\"false\">Nadzorni odbor GZS<\/div>\n\t\t\t\t\t\t\t\t\t<div id=\"elementor-tab-title-1105\" class=\"elementor-tab-title elementor-tab-desktop-title\" aria-selected=\"false\" data-tab=\"5\" role=\"tab\" tabindex=\"-1\" aria-controls=\"elementor-tab-content-1105\" aria-expanded=\"false\">Disciplinska komisija GZS<\/div>\n\t\t\t\t\t\t\t\t\t<div id=\"elementor-tab-title-1106\" class=\"elementor-tab-title elementor-tab-desktop-title\" aria-selected=\"false\" data-tab=\"6\" role=\"tab\" tabindex=\"-1\" aria-controls=\"elementor-tab-content-1106\" aria-expanded=\"false\">Pano\u017eni odbori GZS<\/div>\n\t\t\t\t\t\t\t\t\t<div id=\"elementor-tab-title-1107\" class=\"elementor-tab-title elementor-tab-desktop-title\" aria-selected=\"false\" data-tab=\"7\" role=\"tab\" tabindex=\"-1\" aria-controls=\"elementor-tab-content-1107\" aria-expanded=\"false\">Odbor<\/div>\n\t\t\t\t\t\t\t<\/div>\n\t\t\t<div class=\"elementor-tabs-content-wrapper\" role=\"tablist\" aria-orientation=\"vertical\">\n\t\t\t\t\t\t\t\t\t<div class=\"elementor-tab-title elementor-tab-mobile-title\" aria-selected=\"true\" data-tab=\"1\" role=\"tab\" tabindex=\"0\" aria-controls=\"elementor-tab-content-1101\" aria-expanded=\"false\">Predsednik GZS<\/div>\n\t\t\t\t\t<div id=\"elementor-tab-content-1101\" class=\"elementor-tab-content elementor-clearfix\" data-tab=\"1\" role=\"tabpanel\" aria-labelledby=\"elementor-tab-title-1101\" tabindex=\"0\" hidden=\"false\"><p><strong>Predsednik Gimnasti\u010dne zveza Slovenije<\/strong><\/p><table><tbody><tr><td width=\"291\"><p><em>ime in priimek<\/em><\/p><\/td><td width=\"306\"><p><em>predlagatelj<\/em><\/p><\/td><\/tr><tr><td width=\"291\"><p><strong>Miha Mermal (<a href=\"https:\/\/www.gimnasticna-zveza.si\/wp-content\/uploads\/2025\/12\/M.-Mermal_predsednik-GZS.pdf\">program<\/a>)<\/strong><\/p><\/td><td width=\"306\"><p>\u0160D Matrica GYM<\/p><\/td><\/tr><\/tbody><\/table><\/div>\n\t\t\t\t\t\t\t\t\t<div class=\"elementor-tab-title elementor-tab-mobile-title\" aria-selected=\"false\" data-tab=\"2\" role=\"tab\" tabindex=\"-1\" aria-controls=\"elementor-tab-content-1102\" aria-expanded=\"false\">Podpredsedniki GZS<\/div>\n\t\t\t\t\t<div id=\"elementor-tab-content-1102\" class=\"elementor-tab-content elementor-clearfix\" data-tab=\"2\" role=\"tabpanel\" aria-labelledby=\"elementor-tab-title-1102\" tabindex=\"0\" hidden=\"hidden\"><p><i><strong>Podpredsednik <\/strong><strong>Gimnasti\u010dne zveza Slovenije za gospodarsko \u2013 organizacijsko podro\u010dje<\/strong><\/i><\/p><table><tbody><tr><td width=\"274\"><p><em>ime in priimek<\/em><\/p><\/td><td width=\"323\"><p><em>predlagatelj<\/em><\/p><\/td><\/tr><tr><td width=\"274\"><p><strong>dr. Edvard Kolar (<a href=\"https:\/\/www.gimnasticna-zveza.si\/wp-content\/uploads\/2025\/12\/E.-Kolar_podpredsednik-GZS-za-gospodarsko-organizacijsko-podrocje.pdf\">program<\/a>)<\/strong><\/p><\/td><td width=\"323\"><p>Dru\u0161tvo Partizan Vi\u010d<\/p><\/td><\/tr><\/tbody><\/table><p><i><strong>Podpredsednik <\/strong><strong>Gimnasti\u010dne zveza Slovenije za strokovno podro\u010dje<\/strong><\/i><\/p><table><tbody><tr><td width=\"274\"><p><em>ime in priimek<\/em><\/p><\/td><td width=\"323\"><p><em>predlagatelj<\/em><\/p><\/td><\/tr><tr><td width=\"274\"><p><strong>Sa\u0161o Bertoncelj (<a href=\"https:\/\/www.gimnasticna-zveza.si\/wp-content\/uploads\/2025\/12\/S.-Bertoncelj_podpredsednik-GZS-za-strokovno-podrocje.pdf\">program<\/a>)<\/strong><\/p><\/td><td width=\"323\"><p>\u0160D Matrica GYM<\/p><\/td><\/tr><\/tbody><\/table><p><i><strong>Podpredsednik <\/strong><strong>Gimnasti\u010dne zveza Slovenije za stike z regijam<\/strong><\/i><\/p><table><tbody><tr><td width=\"274\"><p><em>ime in priimek<\/em><\/p><\/td><td width=\"323\"><p><em>predlagatelj<\/em><\/p><\/td><\/tr><tr><td width=\"274\"><p><strong>Peter Frumen (<a href=\"https:\/\/www.gimnasticna-zveza.si\/wp-content\/uploads\/2025\/12\/P.-Frumen_predsednik-GZS-za-stike-z-regijam.pdf\">program<\/a>)<\/strong><\/p><\/td><td width=\"323\"><p>\u0160D Ru\u0161e<\/p><\/td><\/tr><tr><td width=\"274\"><p><strong>Alenka \u0160enk Erpi\u010d (<a href=\"https:\/\/www.gimnasticna-zveza.si\/wp-content\/uploads\/2025\/12\/A.-Senik-Erpic_podpredsednica-GZS-za-stike-z-regijam.pdf\">program<\/a>)<\/strong><\/p><\/td><td width=\"323\"><p>GD Novo mesto<\/p><\/td><\/tr><\/tbody><\/table><\/div>\n\t\t\t\t\t\t\t\t\t<div class=\"elementor-tab-title elementor-tab-mobile-title\" aria-selected=\"false\" data-tab=\"3\" role=\"tab\" tabindex=\"-1\" aria-controls=\"elementor-tab-content-1103\" aria-expanded=\"false\">\u010clani Izvr\u0161nega odbora GZS<\/div>\n\t\t\t\t\t<div id=\"elementor-tab-content-1103\" class=\"elementor-tab-content elementor-clearfix\" data-tab=\"3\" role=\"tabpanel\" aria-labelledby=\"elementor-tab-title-1103\" tabindex=\"0\" hidden=\"hidden\"><p><strong><em>Predstavnik vrhunskega \u0161porta<\/em><\/strong><\/p><table><tbody><tr><td width=\"274\"><p><em>ime in priimek<\/em><\/p><\/td><td width=\"323\"><p><em>predlagatelj<\/em><\/p><\/td><\/tr><tr><td width=\"274\"><p><strong>Sebastijan Pileti\u010d<\/strong><\/p><\/td><td width=\"323\"><p>\u0160D Sokol Be\u017eigrad<\/p><\/td><\/tr><\/tbody><\/table><p><strong><em>\u00a0<\/em><\/strong><\/p><p><strong><em>\u00a0<\/em><\/strong><\/p><p><strong><em>Predstavnik gimnastike za vse<\/em><\/strong><\/p><table><tbody><tr><td width=\"274\"><p><em>ime in priimek<\/em><\/p><\/td><td width=\"323\"><p><em>predlagatelj<\/em><\/p><\/td><\/tr><tr><td width=\"274\"><p><strong>Ur\u0161a Jakin<\/strong><\/p><\/td><td width=\"323\"><p>\u0160K Salto Koper<\/p><\/td><\/tr><\/tbody><\/table><p><strong><em>\u00a0<\/em><\/strong><\/p><p><strong><em>\u00a0<\/em><\/strong><\/p><p><strong><em>Predstavnik regij<a href=\"#_ftn1\" name=\"_ftnref1\">[1]<\/a><\/em><\/strong><\/p><table><tbody><tr><td width=\"274\"><p><em>ime in priimek<\/em><\/p><\/td><td width=\"323\"><p><em>predlagatelj<\/em><\/p><\/td><\/tr><tr><td width=\"274\"><p><strong>Peter Frumen<\/strong><a href=\"#_ftn2\" name=\"_ftnref2\"><strong>[2]<\/strong><\/a><\/p><\/td><td width=\"323\"><p>\u0160D Ru\u0161e<\/p><\/td><\/tr><tr><td width=\"274\"><p><strong>Alja\u017e Pegan<\/strong><\/p><\/td><td width=\"323\"><p>Dru\u0161tvo Partizan Vi\u010d<\/p><\/td><\/tr><tr><td width=\"274\"><p><strong>Alja\u017e Vogrinec<\/strong><\/p><\/td><td width=\"323\"><p>\u0160D Center Maribor<\/p><\/td><\/tr><\/tbody><\/table><p><strong><em>\u00a0<\/em><\/strong><\/p><p><strong><em>Predstavnik aktivnih \u0161portnikov<\/em><\/strong><\/p><table><tbody><tr><td width=\"274\"><p><em>ime in priimek<\/em><\/p><\/td><td width=\"323\"><p><em>predlagatelj<\/em><\/p><\/td><\/tr><tr><td width=\"274\"><p><strong>Luka Bojanc<\/strong><\/p><\/td><td width=\"323\"><p>\u0160D Narodni dom Ljubljana in GD Novo mesto<\/p><\/td><\/tr><\/tbody><\/table><p><strong><em>Predsednik Odbora za gospodarske dejavnost<\/em><\/strong><\/p><table><tbody><tr><td width=\"274\"><p><em>ime in priimek<\/em><\/p><\/td><td width=\"323\"><p><em>predlagatelj<\/em><\/p><\/td><\/tr><tr><td width=\"274\"><p><strong>Matja\u017e Polak<\/strong><\/p><\/td><td width=\"323\"><p>KRG \u0160i\u0161ka<\/p><\/td><\/tr><\/tbody><\/table><p><a href=\"#_ftnref1\" name=\"_ftn1\">[1]<\/a> volita se dva kandidata<\/p><p><a href=\"#_ftnref2\" name=\"_ftn2\">[2]<\/a> v primeru izvolitve za mesto \u00bbPodpredsednik Gimnasti\u010dne zveza Slovenije za stike z regijam\u00ab, se kandidatura kandidata za predstavnika regij umakne<\/p><\/div>\n\t\t\t\t\t\t\t\t\t<div class=\"elementor-tab-title elementor-tab-mobile-title\" aria-selected=\"false\" data-tab=\"4\" role=\"tab\" tabindex=\"-1\" aria-controls=\"elementor-tab-content-1104\" aria-expanded=\"false\">Nadzorni odbor GZS<\/div>\n\t\t\t\t\t<div id=\"elementor-tab-content-1104\" class=\"elementor-tab-content elementor-clearfix\" data-tab=\"4\" role=\"tabpanel\" aria-labelledby=\"elementor-tab-title-1104\" tabindex=\"0\" hidden=\"hidden\"><p><strong>NADZORNI ODBOR GIMNASTI\u010cNE ZVEZE SLOVENIJE<\/strong><\/p><table><tbody><tr><td width=\"274\"><p><em>ime in priimek<\/em><\/p><\/td><td width=\"323\"><p><em>predlagatelj<\/em><\/p><\/td><\/tr><tr><td width=\"274\"><p><strong>Ma\u0161a Bertok \u017digante<\/strong><\/p><\/td><td width=\"323\"><p>\u0160D Narodni dom Ljubljana<\/p><\/td><\/tr><tr><td width=\"274\"><p><strong>dr. Peter Glavi\u010d<\/strong><\/p><\/td><td width=\"323\"><p>\u0160D Ru\u0161e<\/p><\/td><\/tr><tr><td width=\"274\"><p><strong>Aleksander Igli\u010dar<\/strong><\/p><\/td><td width=\"323\"><p>\u0160D Matrica GYM<\/p><\/td><\/tr><tr><td width=\"274\"><p><strong>Mitja Petkov\u0161ek<\/strong><\/p><\/td><td width=\"323\"><p>KRG TiM<\/p><\/td><\/tr><tr><td width=\"274\"><p><strong>Gorazd Podbev\u0161ek<\/strong><\/p><\/td><td width=\"323\"><p>Dru\u0161tvo Partizan Vi\u010d<\/p><\/td><\/tr><tr><td width=\"274\"><p><strong>Ur\u0161a \u017dnidar\u010di\u010d<\/strong><\/p><\/td><td width=\"323\"><p>\u0160D Partizan Ren\u010de<\/p><\/td><\/tr><\/tbody><\/table><\/div>\n\t\t\t\t\t\t\t\t\t<div class=\"elementor-tab-title elementor-tab-mobile-title\" aria-selected=\"false\" data-tab=\"5\" role=\"tab\" tabindex=\"-1\" aria-controls=\"elementor-tab-content-1105\" aria-expanded=\"false\">Disciplinska komisija GZS<\/div>\n\t\t\t\t\t<div id=\"elementor-tab-content-1105\" class=\"elementor-tab-content elementor-clearfix\" data-tab=\"5\" role=\"tabpanel\" aria-labelledby=\"elementor-tab-title-1105\" tabindex=\"0\" hidden=\"hidden\"><p><strong>DISCIPLINSKA KOMISIJA GIMNASTI\u010cNE ZVEZE SLOVENIJE<\/strong><\/p><table><tbody><tr><td width=\"274\"><p><em>ime in priimek<\/em><\/p><\/td><td width=\"323\"><p><em>predlagatelj<\/em><\/p><\/td><\/tr><tr><td width=\"274\"><p><strong>Ur\u0161a Cvetko Rebov<\/strong><\/p><\/td><td width=\"323\"><p>GD Vrhnika<\/p><\/td><\/tr><tr><td width=\"274\"><p><strong>Tina Stavrev<\/strong><\/p><\/td><td width=\"323\"><p>\u0160K Salto Koper<\/p><\/td><\/tr><tr><td width=\"274\"><p><strong>Lori Vrankar Reven<\/strong><\/p><\/td><td width=\"323\"><p>KRG TiM<\/p><\/td><\/tr><tr><td width=\"274\"><p><strong>Sandra Turk<\/strong><\/p><\/td><td width=\"323\"><p>GD Novo mesto<\/p><\/td><\/tr><\/tbody><\/table><\/div>\n\t\t\t\t\t\t\t\t\t<div class=\"elementor-tab-title elementor-tab-mobile-title\" aria-selected=\"false\" data-tab=\"6\" role=\"tab\" tabindex=\"-1\" aria-controls=\"elementor-tab-content-1106\" aria-expanded=\"false\">Pano\u017eni odbori GZS<\/div>\n\t\t\t\t\t<div id=\"elementor-tab-content-1106\" class=\"elementor-tab-content elementor-clearfix\" data-tab=\"6\" role=\"tabpanel\" aria-labelledby=\"elementor-tab-title-1106\" tabindex=\"0\" hidden=\"hidden\"><p><strong><em>Predsednik Strokovnega odbora mo\u0161ke \u0161portne gimnastika<\/em><\/strong><\/p><table><tbody><tr><td width=\"274\"><p><em>ime in priimek<\/em><\/p><\/td><td width=\"323\"><p><em>predlagatelj<\/em><\/p><\/td><\/tr><tr><td width=\"274\"><p><strong>Alja\u017e Vogrinec (<a href=\"https:\/\/www.gimnasticna-zveza.si\/wp-content\/uploads\/2025\/12\/A.-Vogrinec_predsednik-SO-MSG.pdf\">program<\/a>)<\/strong><\/p><\/td><td width=\"323\"><p>\u0160D Center Maribor<\/p><\/td><\/tr><\/tbody><\/table><p><strong>\u00a0<\/strong><\/p><p><strong><em>Predsednik Strokovnega odbora \u017eenske \u0161portne gimnastika<\/em><\/strong><\/p><table><tbody><tr><td width=\"274\"><p><em>ime in priimek<\/em><\/p><\/td><td width=\"323\"><p><em>predlagatelj<\/em><\/p><\/td><\/tr><tr><td width=\"274\"><p><strong>Andrej Mavri\u010d (<a href=\"https:\/\/www.gimnasticna-zveza.si\/wp-content\/uploads\/2025\/12\/A.-Mavric_predsednik-SO-ZSG.pdf\">program<\/a>)<\/strong><\/p><\/td><td width=\"323\"><p>GD Zelena jama<\/p><\/td><\/tr><\/tbody><\/table><p><em>\u00a0<\/em><\/p><p><strong><em>Predsednik Strokovnega odbora ritmi\u010dne gimnastike<\/em><\/strong><\/p><table><tbody><tr><td width=\"274\"><p><em>ime in priimek<\/em><\/p><\/td><td width=\"323\"><p><em>predlagatelj<\/em><\/p><\/td><\/tr><tr><td width=\"274\"><p><strong>Alena Yakubouskaya (<a href=\"https:\/\/www.gimnasticna-zveza.si\/wp-content\/uploads\/2025\/12\/A.-Yakubouskaya_predsednica-SO-RG.pdf\">program<\/a>)<\/strong><\/p><\/td><td width=\"323\"><p>KRG Narodni dom Ljubljana<\/p><\/td><\/tr><\/tbody><\/table><p><strong><em>\u00a0<\/em><\/strong><\/p><p><strong><em>Predsednik Strokovnega odbora za aerobiko<\/em><\/strong><\/p><table><tbody><tr><td width=\"597\"><p><strong>ni kandidata<\/strong><\/p><\/td><\/tr><\/tbody><\/table><p><em>\u00a0<\/em><\/p><p><strong><em>\u00a0<\/em><\/strong><\/p><p><strong><em>Predsednik Strokovnega odbora gimnastike za vse<\/em><\/strong><\/p><table><tbody><tr><td width=\"597\"><p><strong>ni kandidata<\/strong><\/p><\/td><\/tr><\/tbody><\/table><p><strong><em>\u00a0<\/em><\/strong><\/p><p><strong><em>Predsednik Strokovnega odbora za \u0161portno akrobatiko<\/em><\/strong><\/p><table><tbody><tr><td width=\"274\"><p><em>ime in priimek<\/em><\/p><\/td><td width=\"323\"><p><em>predlagatelj<\/em><\/p><\/td><\/tr><tr><td width=\"274\"><p><strong>Jure Kern (<a href=\"https:\/\/www.gimnasticna-zveza.si\/wp-content\/uploads\/2025\/12\/J.-Kern_predsednik-SO-AKRO.pdf\">program<\/a>)<\/strong><\/p><\/td><td width=\"323\"><p>\u0160D Sokol Be\u017eigrad<\/p><\/td><\/tr><\/tbody><\/table><\/div>\n\t\t\t\t\t\t\t\t\t<div class=\"elementor-tab-title elementor-tab-mobile-title\" aria-selected=\"false\" data-tab=\"7\" role=\"tab\" tabindex=\"-1\" aria-controls=\"elementor-tab-content-1107\" aria-expanded=\"false\">Odbor<\/div>\n\t\t\t\t\t<div id=\"elementor-tab-content-1107\" class=\"elementor-tab-content elementor-clearfix\" data-tab=\"7\" role=\"tabpanel\" aria-labelledby=\"elementor-tab-title-1107\" tabindex=\"0\" hidden=\"hidden\"><p><strong>ODBOR ZA ORGANIZACIJO, NAGRADE IN PRIZNANJA<\/strong><\/p><p><strong><em>Predsednik Odbora za organizacijo, nagrade in priznanja<\/em><\/strong><\/p><table><tbody><tr><td width=\"597\"><p><strong>ni kandidata<\/strong><\/p><\/td><\/tr><\/tbody><\/table><\/div>\n\t\t\t\t\t\t\t<\/div>\n\t\t<\/div>\n\t\t\t\t\t\t<\/div>\n\t\t\t\t<\/div>\n\t\t\t\t\t<\/div>\n\t\t<\/div>\n\t\t\t\t\t<\/div>\n\t\t<\/section>\n\t\t\t\t<section class=\"elementor-section elementor-top-section elementor-element elementor-element-9f3505e elementor-section-boxed elementor-section-height-default elementor-section-height-default\" data-id=\"9f3505e\" data-element_type=\"section\" data-e-type=\"section\">\n\t\t\t\t\t\t<div class=\"elementor-container elementor-column-gap-default\">\n\t\t\t\t\t<div class=\"elementor-column elementor-col-100 elementor-top-column elementor-element elementor-element-1df4cbf\" data-id=\"1df4cbf\" data-element_type=\"column\" data-e-type=\"column\">\n\t\t\t<div class=\"elementor-widget-wrap elementor-element-populated\">\n\t\t\t\t\t\t<div class=\"elementor-element elementor-element-fd86bdb elementor-widget elementor-widget-spacer\" data-id=\"fd86bdb\" data-element_type=\"widget\" data-e-type=\"widget\" data-widget_type=\"spacer.default\">\n\t\t\t\t<div class=\"elementor-widget-container\">\n\t\t\t\t\t\t\t<div class=\"elementor-spacer\">\n\t\t\t<div class=\"elementor-spacer-inner\"><\/div>\n\t\t<\/div>\n\t\t\t\t\t\t<\/div>\n\t\t\t\t<\/div>\n\t\t\t\t\t<\/div>\n\t\t<\/div>\n\t\t\t\t\t<\/div>\n\t\t<\/section>\n\t\t\t\t<section class=\"elementor-section elementor-top-section elementor-element elementor-element-4c10849 elementor-section-boxed elementor-section-height-default elementor-section-height-default\" data-id=\"4c10849\" data-element_type=\"section\" data-e-type=\"section\">\n\t\t\t\t\t\t<div class=\"elementor-container elementor-column-gap-default\">\n\t\t\t\t\t<div class=\"elementor-column elementor-col-100 elementor-top-column elementor-element elementor-element-41b66fe\" data-id=\"41b66fe\" data-element_type=\"column\" data-e-type=\"column\">\n\t\t\t<div class=\"elementor-widget-wrap elementor-element-populated\">\n\t\t\t\t\t\t<div class=\"elementor-element elementor-element-ad347be elementor-widget elementor-widget-heading\" data-id=\"ad347be\" data-element_type=\"widget\" data-e-type=\"widget\" data-widget_type=\"heading.default\">\n\t\t\t\t<div class=\"elementor-widget-container\">\n\t\t\t\t\t<h4 class=\"elementor-heading-title elementor-size-default\">Datoteke<\/h4>\t\t\t\t<\/div>\n\t\t\t\t<\/div>\n\t\t\t\t\t<\/div>\n\t\t<\/div>\n\t\t\t\t\t<\/div>\n\t\t<\/section>\n\t\t\t\t<section class=\"elementor-section elementor-top-section elementor-element elementor-element-06f2f43 elementor-section-boxed elementor-section-height-default elementor-section-height-default\" data-id=\"06f2f43\" data-element_type=\"section\" data-e-type=\"section\">\n\t\t\t\t\t\t<div class=\"elementor-container elementor-column-gap-default\">\n\t\t\t\t\t<div class=\"elementor-column elementor-col-100 elementor-top-column elementor-element elementor-element-0a3eb97\" data-id=\"0a3eb97\" data-element_type=\"column\" data-e-type=\"column\">\n\t\t\t<div class=\"elementor-widget-wrap elementor-element-populated\">\n\t\t\t\t\t\t<div class=\"elementor-element elementor-element-f63c41f elementor-widget elementor-widget-text-editor\" data-id=\"f63c41f\" data-element_type=\"widget\" data-e-type=\"widget\" data-widget_type=\"text-editor.default\">\n\t\t\t\t<div class=\"elementor-widget-container\">\n\t\t\t\t\t\t\t\t\t<ul><li><a href=\"https:\/\/www.gimnasticna-zveza.si\/wp-content\/uploads\/2025\/12\/01_vabilo_5-volilna-seja-skupscine.pdf\">vabilo na 5. volilno Skup\u0161\u010dino Gimnasti\u010dne zveze Slovenije<\/a>,<\/li><li><a href=\"https:\/\/www.gimnasticna-zveza.si\/wp-content\/uploads\/2025\/12\/01_zapisnik_4_redna_skupscina_gzs_2025-podpisan.pdf\">zapisnik 4. redne Skup\u0161\u010dine Gimnasti\u010dne zveze Slovenije<\/a>,<\/li><li><a href=\"https:\/\/www.gimnasticna-zveza.si\/wp-content\/uploads\/2025\/12\/01_kandidatna-lista-volilna-skupscina-GZS-2025.pdf\">kandidatna lista za volitve v organe Gimnasti\u010dne zveze Slovenije<\/a>.<\/li><\/ul>\t\t\t\t\t\t\t\t<\/div>\n\t\t\t\t<\/div>\n\t\t\t\t\t<\/div>\n\t\t<\/div>\n\t\t\t\t\t<\/div>\n\t\t<\/section>\n\t\t\t\t<\/div>\n\t\t","protected":false},"excerpt":{"rendered":"<p>Predsednik GZS po sklepu IO GZS, sprejetim na 36. redni<span class=\"excerpt-hellip\"> [\u2026]<\/span><\/p>\n","protected":false},"author":3,"featured_media":-1,"parent":0,"menu_order":0,"comment_status":"closed","ping_status":"closed","template":"","meta":{"_monsterinsights_skip_tracking":false,"_monsterinsights_sitenote_active":false,"_monsterinsights_sitenote_note":"","_monsterinsights_sitenote_category":0,"footnotes":""},"class_list":["post-8699","page","type-page","status-publish","has-post-thumbnail","hentry"],"_links":{"self":[{"href":"https:\/\/www.gimnasticna-zveza.si\/index.php\/wp-json\/wp\/v2\/pages\/8699","targetHints":{"allow":["GET"]}}],"collection":[{"href":"https:\/\/www.gimnasticna-zveza.si\/index.php\/wp-json\/wp\/v2\/pages"}],"about":[{"href":"https:\/\/www.gimnasticna-zveza.si\/index.php\/wp-json\/wp\/v2\/types\/page"}],"author":[{"embeddable":true,"href":"https:\/\/www.gimnasticna-zveza.si\/index.php\/wp-json\/wp\/v2\/users\/3"}],"replies":[{"embeddable":true,"href":"https:\/\/www.gimnasticna-zveza.si\/index.php\/wp-json\/wp\/v2\/comments?post=8699"}],"version-history":[{"count":32,"href":"https:\/\/www.gimnasticna-zveza.si\/index.php\/wp-json\/wp\/v2\/pages\/8699\/revisions"}],"predecessor-version":[{"id":8850,"href":"https:\/\/www.gimnasticna-zveza.si\/index.php\/wp-json\/wp\/v2\/pages\/8699\/revisions\/8850"}],"wp:featuredmedia":[{"embeddable":true,"href":"https:\/\/www.gimnasticna-zveza.si\/index.php\/wp-json\/"}],"wp:attachment":[{"href":"https:\/\/www.gimnasticna-zveza.si\/index.php\/wp-json\/wp\/v2\/media?parent=8699"}],"curies":[{"name":"wp","href":"https:\/\/api.w.org\/{rel}","templated":true}]}}